{"id":158,"date":"2015-01-03T19:14:36","date_gmt":"2015-01-03T19:14:36","guid":{"rendered":"http:\/\/www.saintmaurautrement.com\/?page_id=158"},"modified":"2022-08-15T12:00:37","modified_gmt":"2022-08-15T10:00:37","slug":"tache-complexe-mais-pas-compliquee","status":"publish","type":"page","link":"https:\/\/www.saintmaurautrement.com\/?page_id=158","title":{"rendered":"T\u00e2che complexe mais pas compliqu\u00e9e !"},"content":{"rendered":"<div>Plusieurs enseignants du coll\u00e8ge proposent des t\u00e2ches complexes \u00e0 leurs \u00e9l\u00e8ves en Histoire, SVT, technologie et sciences-physiques. Mais <b>QU&rsquo;EST-CE QUE LA TACHE COMPLEXE\u00a0 ?<br \/>\n<\/b><\/div>\n<p><span id=\"ctl00_cphContentLeft_ViewPage1_lblContentPage\"><br \/>\n<b>La t\u00e2che complexe peut \u00eatre indiff\u00e9remment propos\u00e9e en coll\u00e8ge comme au lyc\u00e9e<\/b>. Elle s&rsquo;inscrit dans la construction des comp\u00e9tences fondamentales qui apparaissent dans les programmes et le Socle commun (&#8230;).<\/span><\/p>\n<p><b>Le principe de la t\u00e2che complexe<\/b><\/p>\n<p>La t\u00e2che complexe laisse toute sa place \u00e0 l&rsquo;expression et au d\u00e9veloppement de l<b>&lsquo;autonomie<\/b> et de l&rsquo;<b>esprit d&rsquo;initiative<\/b> chez les \u00e9l\u00e8ves. Elle favorise l&rsquo;implication des \u00e9l\u00e8ves dans le travail attendu.<\/p>\n<p>Une t\u00e2che complexe fait appel, pour chaque \u00e9l\u00e8ve, \u00e0 :<br \/>\n&#8211; <b>des ressources internes<\/b> : connaissances, capacit\u00e9s ou attitudes<br \/>\n&#8211; <b>des ressources externes<\/b> : fournies par le professeur (fourniture de ressources et\/ou acc\u00e8s \u00e0 internet, dictionnaires, encyclop\u00e9dies, manuels&#8230;)<br \/>\nCes ressources peuvent \u00eatre disciplinaires ou non.<br \/>\nLa t\u00e2che complexe s&rsquo;inscrit totalement dans la construction de comp\u00e9tences : mobilisation et combinaison de connaissances, capacit\u00e9s et attitudes, dans un cadre nouveau, in\u00e9dit.<\/p>\n<p>Les t\u00e2ches complexes s&rsquo;inscrivent pr\u00e9f\u00e9rentiellement dans <b>un travail de groupe<\/b>. En effet, celui-ci permet le d\u00e9veloppement des interactions entre \u00e9l\u00e8ves, de l&rsquo;apprentissage entre pairs. L&rsquo;observation du travail des groupes permet d&rsquo;identifier des strat\u00e9gies de recherche diff\u00e9rentes de l&rsquo;un \u00e0 l&rsquo;autre (r\u00e9partition du travail, travail conjoint et confrontation des r\u00e9sultats, etc.).<a href=\"http:\/\/disciplines.ac-bordeaux.fr\/histoire-geo\/?id_category=20&amp;id_rubrique=61&amp;id_page=312\" target=\"_blank\" rel=\"noopener noreferrer\">Lire la suite sur <em>Terres et Temps<\/em>, le site\u00a0 histoire-g\u00e9ographie de l&rsquo;acad\u00e9mie de Bordeaux<\/a>.<\/p>\n<p>D&rsquo;autres informations institutionnelles sur <a href=\"http:\/\/eduscol.education.fr\/cid51827\/temoignage-mise-en-oeuvre-dans-la-classe.html\" target=\"_blank\" rel=\"noopener noreferrer\">Eduscol<\/a>, le portail des professionnels de l\u2019\u00e9ducation du Minist\u00e8re de l\u2019\u00c9ducation nationale.<\/p>\n<p><a href=\"https:\/\/www.saintmaurautrement.com\/wp-content\/uploads\/2015\/01\/salle-info-200.jpg\"><img decoding=\"async\" loading=\"lazy\" class=\"alignright size-full wp-image-82\" src=\"https:\/\/www.saintmaurautrement.com\/wp-content\/uploads\/2015\/01\/salle-info-200.jpg\" alt=\"salle info - 200\" width=\"200\" height=\"113\" \/><\/a><strong>Quelques exemple de t\u00e2che complexe r\u00e9alis\u00e9e par les \u00e9l\u00e8ves :<\/strong><\/p>\n<p>Les 3\u00e8me ont endoss\u00e9 le costume d&rsquo;agents secrets plong\u00e9s dans <strong>l&rsquo;en<\/strong><strong>fer de Verdun<\/strong> <a href=\"http:\/\/www.saintmaur-pau.com\/college\/actualites\/227-les-eleves-de-3eme-1-agents-secrets-plonges-dans-l-enfer-de-verdun\" target=\"_blank\" rel=\"noopener noreferrer\">\u00e0 lire sur le site de l&rsquo;\u00e9tablissement<\/a> (<em>activit\u00e9 con\u00e7ue \u00e0 l&rsquo;origine par Alexandre Balet du coll\u00e8ge de Biscarosse (40) et <a href=\"http:\/\/c116.histgeo-rostand.net\/\" target=\"_blank\" rel=\"noopener noreferrer\">Olivier Quinet<\/a>\u00a0du coll\u00e8ge Rostand (24), et adapt\u00e9e par Mr Cassaro<\/em>).<\/p>\n<p>Les 3\u00e8me ont \u00e9galement r\u00e9alis\u00e9 une plaquette sur <a title=\"3\u00e8me \u2013 Ma r\u00e9gion l\u2019Aquitaine\" href=\"https:\/\/www.saintmaurautrement.com\/?p=108\" target=\"_blank\" rel=\"noopener noreferrer\">la r\u00e9gion Aquitaine <\/a>(ancien programme 2012) Leur but : attirer des entreprises canadiennes \u00e0 venir s&rsquo;installer en Aquitaine, avec une consigne diff\u00e9renci\u00e9e pour chacune de des classes.<\/p>\n<p><a href=\"https:\/\/www.saintmaurautrement.com\/wp-content\/uploads\/2015\/02\/5\u00e8me3-tache-complexe-3.jpg\"><img decoding=\"async\" loading=\"lazy\" class=\" size-thumbnail wp-image-632 alignright\" src=\"https:\/\/www.saintmaurautrement.com\/wp-content\/uploads\/2015\/02\/5\u00e8me3-tache-complexe-3-300x169.jpg\" alt=\"5\u00e8me3 - tache complexe 3\" width=\"300\" height=\"169\" srcset=\"https:\/\/www.saintmaurautrement.com\/wp-content\/uploads\/2015\/02\/5\u00e8me3-tache-complexe-3-300x169.jpg 300w, https:\/\/www.saintmaurautrement.com\/wp-content\/uploads\/2015\/02\/5\u00e8me3-tache-complexe-3-620x349.jpg 620w, https:\/\/www.saintmaurautrement.com\/wp-content\/uploads\/2015\/02\/5\u00e8me3-tache-complexe-3-940x529.jpg 940w\" sizes=\"(max-width: 300px) 100vw, 300px\" \/><\/a>Les \u00e9l\u00e8ves de 5\u00e8me ont jou\u00e9 aux\u00a0 journalistes en stage chez France Bleue B\u00e9arn, c&rsquo;est \u00e0 d\u00e9couvrir <a title=\"Les 5\u00e8me 3 en stage \u00e0 France Bleue B\u00e9arn\" href=\"https:\/\/www.saintmaurautrement.com\/?p=549\" target=\"_blank\" rel=\"noopener noreferrer\">dans cet article<\/a>.<\/p>\n<p>En SVT, les \u00e9l\u00e8ves de 5\u00e8me se sont int\u00e9ress\u00e9s \u00e0 <a href=\"https:\/\/www.saintmaurautrement.com\/wp-content\/uploads\/2015\/05\/SVT-tache-complexe.pdf\" target=\"_blank\" rel=\"noopener noreferrer\">l&rsquo;influence de l&rsquo;Homme sur la respiration<\/a>.<\/p>\n<p>En technologie, les 6\u00e8me ont fait preuve de cr\u00e9ativit\u00e9 !<\/p>\n<p><a href=\"https:\/\/www.saintmaurautrement.com\/wp-content\/uploads\/2015\/05\/image2.jpg\"><img decoding=\"async\" loading=\"lazy\" class=\"  wp-image-1136 alignleft\" src=\"https:\/\/www.saintmaurautrement.com\/wp-content\/uploads\/2015\/05\/image2-300x225.jpg\" alt=\"image2\" width=\"334\" height=\"250\" srcset=\"https:\/\/www.saintmaurautrement.com\/wp-content\/uploads\/2015\/05\/image2-300x225.jpg 300w, https:\/\/www.saintmaurautrement.com\/wp-content\/uploads\/2015\/05\/image2-620x465.jpg 620w, https:\/\/www.saintmaurautrement.com\/wp-content\/uploads\/2015\/05\/image2-940x705.jpg 940w, https:\/\/www.saintmaurautrement.com\/wp-content\/uploads\/2015\/05\/image2-320x240.jpg 320w, https:\/\/www.saintmaurautrement.com\/wp-content\/uploads\/2015\/05\/image2-82x60.jpg 82w, https:\/\/www.saintmaurautrement.com\/wp-content\/uploads\/2015\/05\/image2-65x50.jpg 65w\" sizes=\"(max-width: 334px) 100vw, 334px\" \/><\/a><a href=\"https:\/\/www.saintmaurautrement.com\/wp-content\/uploads\/2015\/05\/image3.jpg\"><img decoding=\"async\" loading=\"lazy\" class=\"  wp-image-1137 alignleft\" src=\"https:\/\/www.saintmaurautrement.com\/wp-content\/uploads\/2015\/05\/image3-300x225.jpg\" alt=\"image3\" width=\"194\" height=\"146\" srcset=\"https:\/\/www.saintmaurautrement.com\/wp-content\/uploads\/2015\/05\/image3-300x225.jpg 300w, https:\/\/www.saintmaurautrement.com\/wp-content\/uploads\/2015\/05\/image3-620x465.jpg 620w, https:\/\/www.saintmaurautrement.com\/wp-content\/uploads\/2015\/05\/image3-940x705.jpg 940w, https:\/\/www.saintmaurautrement.com\/wp-content\/uploads\/2015\/05\/image3-320x240.jpg 320w, https:\/\/www.saintmaurautrement.com\/wp-content\/uploads\/2015\/05\/image3-65x50.jpg 65w\" sizes=\"(max-width: 194px) 100vw, 194px\" \/><\/a><a href=\"https:\/\/www.saintmaurautrement.com\/wp-content\/uploads\/2015\/05\/image7.jpg\"><img decoding=\"async\" loading=\"lazy\" class=\"  wp-image-1140 alignleft\" src=\"https:\/\/www.saintmaurautrement.com\/wp-content\/uploads\/2015\/05\/image7-300x225.jpg\" alt=\"image7\" width=\"196\" height=\"147\" srcset=\"https:\/\/www.saintmaurautrement.com\/wp-content\/uploads\/2015\/05\/image7-300x225.jpg 300w, https:\/\/www.saintmaurautrement.com\/wp-content\/uploads\/2015\/05\/image7-620x465.jpg 620w, https:\/\/www.saintmaurautrement.com\/wp-content\/uploads\/2015\/05\/image7-940x705.jpg 940w, https:\/\/www.saintmaurautrement.com\/wp-content\/uploads\/2015\/05\/image7-320x240.jpg 320w, https:\/\/www.saintmaurautrement.com\/wp-content\/uploads\/2015\/05\/image7-65x50.jpg 65w\" sizes=\"(max-width: 196px) 100vw, 196px\" \/><\/a><\/p>\n","protected":false},"excerpt":{"rendered":"<p>Plusieurs enseignants du coll\u00e8ge proposent des t\u00e2ches complexes \u00e0 leurs \u00e9l\u00e8ves en Histoire, SVT, technologie et sciences-physiques. Mais QU&rsquo;EST-CE QUE LA TACHE COMPLEXE\u00a0 ? La t\u00e2che complexe peut \u00eatre indiff\u00e9remment propos\u00e9e en coll\u00e8ge comme au lyc\u00e9e. Elle s&rsquo;inscrit dans la construction des comp\u00e9tences fondamentales qui apparaissent dans les programmes et le Socle commun (&#8230;). Le [&hellip;]<\/p>\n","protected":false},"author":1,"featured_media":0,"parent":0,"menu_order":0,"comment_status":"closed","ping_status":"closed","template":"","meta":{"footnotes":""},"_links":{"self":[{"href":"https:\/\/www.saintmaurautrement.com\/index.php?rest_route=\/wp\/v2\/pages\/158"}],"collection":[{"href":"https:\/\/www.saintmaurautrement.com\/index.php?rest_route=\/wp\/v2\/pages"}],"about":[{"href":"https:\/\/www.saintmaurautrement.com\/index.php?rest_route=\/wp\/v2\/types\/page"}],"author":[{"embeddable":true,"href":"https:\/\/www.saintmaurautrement.com\/index.php?rest_route=\/wp\/v2\/users\/1"}],"replies":[{"embeddable":true,"href":"https:\/\/www.saintmaurautrement.com\/index.php?rest_route=%2Fwp%2Fv2%2Fcomments&post=158"}],"version-history":[{"count":15,"href":"https:\/\/www.saintmaurautrement.com\/index.php?rest_route=\/wp\/v2\/pages\/158\/revisions"}],"predecessor-version":[{"id":7943,"href":"https:\/\/www.saintmaurautrement.com\/index.php?rest_route=\/wp\/v2\/pages\/158\/revisions\/7943"}],"wp:attachment":[{"href":"https:\/\/www.saintmaurautrement.com\/index.php?rest_route=%2Fwp%2Fv2%2Fmedia&parent=158"}],"curies":[{"name":"wp","href":"https:\/\/api.w.org\/{rel}","templated":true}]}}